{"id":3624,"date":"2022-09-07T07:15:56","date_gmt":"2022-09-07T04:15:56","guid":{"rendered":"https:\/\/wseku-karate.org\/?page_id=3624"},"modified":"2024-06-12T12:52:58","modified_gmt":"2024-06-12T09:52:58","slug":"poze","status":"publish","type":"page","link":"https:\/\/wseku-karate.org\/en\/poze\/","title":{"rendered":"Photos"},"content":{"rendered":"<div data-elementor-type=\"wp-page\" data-elementor-id=\"3624\" class=\"elementor elementor-3624\" data-elementor-post-type=\"page\">\n\t\t\t\t\t\t<section data-particle_enable=\"false\" data-particle-mobile-disabled=\"false\" class=\"elementor-section elementor-top-section elementor-element elementor-element-d449933 elementor-section-height-min-height elementor-section-boxed elementor-section-height-default elementor-section-items-middle\" data-id=\"d449933\" data-element_type=\"section\" data-e-type=\"section\" data-settings=\"{&quot;background_background&quot;:&quot;classic&quot;,&quot;shape_divider_bottom&quot;:&quot;opacity-tilt&quot;}\">\r\n\t\t\t\t<div class=\"elementor-shape elementor-shape-bottom\" data-negative=\"false\">\r\n\t\t\t<svg xmlns=\"http:\/\/www.w3.org\/2000\/svg\" viewbox=\"0 0 2600 131.1\" preserveaspectratio=\"none\">\n\t<path class=\"elementor-shape-fill\" d=\"M0 0L2600 0 2600 69.1 0 0z\"\/>\n\t<path class=\"elementor-shape-fill\" style=\"opacity:0.5\" d=\"M0 0L2600 0 2600 69.1 0 69.1z\"\/>\n\t<path class=\"elementor-shape-fill\" style=\"opacity:0.25\" d=\"M2600 0L0 0 0 130.1 2600 69.1z\"\/>\n<\/svg>\t\t<\/div>\r\n\t\t\r\n\t\t\t\t\t\t\t<div class=\"elementor-container elementor-column-gap-default\">\r\n\t\t\t\t\t\t\t\t\t\t\t<div class=\"elementor-column elementor-col-100 elementor-top-column elementor-element elementor-element-4fb56ac\" data-id=\"4fb56ac\" data-element_type=\"column\" data-e-type=\"column\">\r\n\t\t\t\t\t<div class=\"elementor-widget-wrap elementor-element-populated\">\r\n\t\t\t\t\t\t\t\t<div class=\"elementor-element elementor-element-04ff037 animated-slow elementor-invisible elementor-widget elementor-widget-heading\" data-id=\"04ff037\" data-element_type=\"widget\" data-e-type=\"widget\" data-settings=\"{&quot;_animation&quot;:&quot;zoomIn&quot;,&quot;_animation_delay&quot;:&quot;200&quot;}\" data-widget_type=\"heading.default\">\n\t\t\t\t<div class=\"elementor-widget-container\">\n\t\t\t\t\t<h1 class=\"elementor-heading-title elementor-size-default\">World Sport Education Karate Union<\/h1>\t\t\t\t<\/div>\n\t\t\t\t<\/div>\n\t\t\t\t<div class=\"elementor-element elementor-element-58284d0 animated-slow elementor-invisible elementor-widget elementor-widget-image\" data-id=\"58284d0\" data-element_type=\"widget\" data-e-type=\"widget\" data-settings=\"{&quot;_animation&quot;:&quot;zoomInUp&quot;,&quot;_animation_delay&quot;:500}\" data-widget_type=\"image.default\">\n\t\t\t\t<div class=\"elementor-widget-container\">\n\t\t\t\t\t\t\t\t\t\t\t\t\t\t\t<img decoding=\"async\" width=\"598\" height=\"53\" src=\"https:\/\/wseku-karate.org\/wp-content\/uploads\/2022\/09\/wseku-japanese.png\" class=\"attachment-full size-full wp-image-3643\" alt=\"\" srcset=\"https:\/\/wseku-karate.org\/wp-content\/uploads\/2022\/09\/wseku-japanese.png 598w, https:\/\/wseku-karate.org\/wp-content\/uploads\/2022\/09\/wseku-japanese-400x35.png 400w, https:\/\/wseku-karate.org\/wp-content\/uploads\/2022\/09\/wseku-japanese-367x33.png 367w\" sizes=\"(max-width: 598px) 100vw, 598px\" \/>\t\t\t\t\t\t\t\t\t\t\t\t\t\t\t<\/div>\n\t\t\t\t<\/div>\n\t\t\t\t<div class=\"elementor-element elementor-element-898fc76 e-transform elementor-invisible elementor-widget elementor-widget-porto_button\" data-id=\"898fc76\" data-element_type=\"widget\" data-e-type=\"widget\" data-settings=\"{&quot;align&quot;:&quot;center&quot;,&quot;_animation&quot;:&quot;fadeInUp&quot;,&quot;_animation_delay&quot;:500,&quot;_animation_mobile&quot;:&quot;fadeInUp&quot;,&quot;_transform_scale_effect_hover_mobile&quot;:{&quot;unit&quot;:&quot;px&quot;,&quot;size&quot;:0.9,&quot;sizes&quot;:[]},&quot;_transform_scale_effect_hover&quot;:{&quot;unit&quot;:&quot;px&quot;,&quot;size&quot;:&quot;&quot;,&quot;sizes&quot;:[]},&quot;_transform_scale_effect_hover_tablet&quot;:{&quot;unit&quot;:&quot;px&quot;,&quot;size&quot;:&quot;&quot;,&quot;sizes&quot;:[]}}\" data-widget_type=\"porto_button.default\">\n\t\t\t\t<div class=\"elementor-widget-container\">\n\t\t\t\t\t<a class=\"btn btn-sm btn-light btn-borders btn-icon\" href=\"#\"><i class=\"far fa-address-card\"><\/i><span >Join now!<\/span><\/a>\t\t\t\t<\/div>\n\t\t\t\t<\/div>\n\t\t\t\t\t<\/div>\r\n\t\t\t\t<\/div>\r\n\t\t\t\t\t<\/div>\r\n\t\t\t\t<\/section>\r\n\t\t\t\t<div data-particle_enable=\"false\" data-particle-mobile-disabled=\"false\" class=\"elementor-section elementor-top-section elementor-element elementor-element-221e368 testimonial-section elementor-section-boxed elementor-section-height-default elementor-section-height-default elementor-invisible\" data-id=\"221e368\" data-element_type=\"section\" data-e-type=\"section\" data-settings=\"{&quot;background_background&quot;:&quot;classic&quot;,&quot;animation&quot;:&quot;fadeIn&quot;,&quot;animation_delay&quot;:&quot;200&quot;}\">\r\n\t\t\r\n\t\t\t\t\t\t\t<div class=\"elementor-container elementor-column-gap-default\">\r\n\t\t\t\t\t\t\t\t\t\t\t<div class=\"elementor-column elementor-col-100 elementor-top-column elementor-element elementor-element-6a87f8f\" data-id=\"6a87f8f\" data-element_type=\"column\" data-e-type=\"column\" data-settings=\"{&quot;background_background&quot;:&quot;classic&quot;}\">\r\n\t\t\t\t\t<div class=\"elementor-widget-wrap elementor-element-populated\">\r\n\t\t\t\t\t\t\t\t<div class=\"elementor-element elementor-element-1422e2a elementor-invisible elementor-widget elementor-widget-porto_ultimate_heading\" data-id=\"1422e2a\" data-element_type=\"widget\" data-e-type=\"widget\" data-settings=\"{&quot;_animation&quot;:&quot;bounceInUp&quot;,&quot;_animation_delay&quot;:500}\" data-widget_type=\"porto_ultimate_heading.default\">\n\t\t\t\t<div class=\"elementor-widget-container\">\n\t\t\t\t\t<div class=\"porto-u-heading  porto-u-bd11424de395366805213f3c847c9ae4\"><div class=\"porto-u-main-heading\"><h1   >Photos<\/h1><\/div><div class=\"porto-u-sub-heading\" style=\"margin-bottom:20px;\"><p>\u00a0\"WORLD SPORT EDUCATION KARATE UNION (acronym - WSEKU)\"<\/p><\/div><div class=\"porto-u-heading-spacer line_only\" style=\"height:1px;\"><span class=\"porto-u-headings-line\" style=\"border-style:solid;border-bottom-width:1px;\"><\/span><\/div><style>.porto-u-bd11424de395366805213f3c847c9ae4.porto-u-heading{text-align:center}<\/style><\/div>\t\t\t\t<\/div>\n\t\t\t\t<\/div>\n\t\t\t\t\t<\/div>\r\n\t\t\t\t<\/div>\r\n\t\t\t\t\t<\/div>\r\n\t\t\t\t<\/div>\r\n\t\t\t\t<section data-particle_enable=\"false\" data-particle-mobile-disabled=\"false\" class=\"elementor-section elementor-top-section elementor-element elementor-element-877d256 elementor-section-boxed elementor-section-height-default elementor-section-height-default\" data-id=\"877d256\" data-element_type=\"section\" data-e-type=\"section\">\r\n\t\t\r\n\t\t\t\t\t\t\t<div class=\"elementor-container elementor-column-gap-default\">\r\n\t\t\t\t\t\t\t\t\t\t\t<div class=\"elementor-column elementor-col-25 elementor-top-column elementor-element elementor-element-40d913e\" data-id=\"40d913e\" data-element_type=\"column\" data-e-type=\"column\">\r\n\t\t\t\t\t<div class=\"elementor-widget-wrap elementor-element-populated\">\r\n\t\t\t\t\t\t\t\t<div class=\"elementor-element elementor-element-3da10be elementor-widget elementor-widget-image\" data-id=\"3da10be\" data-element_type=\"widget\" data-e-type=\"widget\" data-widget_type=\"image.default\">\n\t\t\t\t<div class=\"elementor-widget-container\">\n\t\t\t\t\t\t\t\t\t\t\t\t\t\t\t\t<a href=\"https:\/\/wseku-karate.org\/en\/poze\/2024-35th-bihor-open-2nd-world-european-regional-championships-karate-kobudo-parakarate\/\" target=\"_blank\">\n\t\t\t\t\t\t\t<img fetchpriority=\"high\" decoding=\"async\" width=\"463\" height=\"348\" src=\"https:\/\/wseku-karate.org\/wp-content\/uploads\/2024\/06\/IMG_0179-463x348.webp\" class=\"attachment-blog-medium size-blog-medium wp-image-9867\" alt=\"\" srcset=\"https:\/\/wseku-karate.org\/wp-content\/uploads\/2024\/06\/IMG_0179-463x348.webp 463w, https:\/\/wseku-karate.org\/wp-content\/uploads\/2024\/06\/IMG_0179-400x300.webp 400w\" sizes=\"(max-width: 463px) 100vw, 463px\" \/>\t\t\t\t\t\t\t\t<\/a>\n\t\t\t\t\t\t\t\t\t\t\t\t\t\t\t<\/div>\n\t\t\t\t<\/div>\n\t\t\t\t<div class=\"elementor-element elementor-element-c9a16e9 elementor-widget elementor-widget-heading\" data-id=\"c9a16e9\" data-element_type=\"widget\" data-e-type=\"widget\" data-widget_type=\"heading.default\">\n\t\t\t\t<div class=\"elementor-widget-container\">\n\t\t\t\t\t<h2 class=\"elementor-heading-title elementor-size-default\">2024 35th Bihor Open, 2nd WORLD EUROPEAN REGIONAL CHAMPIONSHIPS Karate-Kobudo-Parakarate<\/h2>\t\t\t\t<\/div>\n\t\t\t\t<\/div>\n\t\t\t\t\t<\/div>\r\n\t\t\t\t<\/div>\r\n\t\t\t\t<div class=\"elementor-column elementor-col-25 elementor-top-column elementor-element elementor-element-38f10ca\" data-id=\"38f10ca\" data-element_type=\"column\" data-e-type=\"column\">\r\n\t\t\t\t\t<div class=\"elementor-widget-wrap elementor-element-populated\">\r\n\t\t\t\t\t\t\t\t<div class=\"elementor-element elementor-element-5264963 elementor-widget elementor-widget-image\" data-id=\"5264963\" data-element_type=\"widget\" data-e-type=\"widget\" data-widget_type=\"image.default\">\n\t\t\t\t<div class=\"elementor-widget-container\">\n\t\t\t\t\t\t\t\t\t\t\t\t\t\t\t\t<a href=\"https:\/\/wseku-karate.org\/en\/poze\/2023-34th-bihor-open-1st-world-european-karate-championship\/\" target=\"_blank\">\n\t\t\t\t\t\t\t<img decoding=\"async\" width=\"463\" height=\"348\" src=\"https:\/\/wseku-karate.org\/wp-content\/uploads\/2023\/08\/b13bd6f6-c266-4ecb-bcb0-62658eb77075-463x348.webp\" class=\"attachment-blog-medium size-blog-medium wp-image-9373\" alt=\"\" srcset=\"https:\/\/wseku-karate.org\/wp-content\/uploads\/2023\/08\/b13bd6f6-c266-4ecb-bcb0-62658eb77075-463x348.webp 463w, https:\/\/wseku-karate.org\/wp-content\/uploads\/2023\/08\/b13bd6f6-c266-4ecb-bcb0-62658eb77075-400x300.webp 400w\" sizes=\"(max-width: 463px) 100vw, 463px\" \/>\t\t\t\t\t\t\t\t<\/a>\n\t\t\t\t\t\t\t\t\t\t\t\t\t\t\t<\/div>\n\t\t\t\t<\/div>\n\t\t\t\t<div class=\"elementor-element elementor-element-eec4921 elementor-widget elementor-widget-heading\" data-id=\"eec4921\" data-element_type=\"widget\" data-e-type=\"widget\" data-widget_type=\"heading.default\">\n\t\t\t\t<div class=\"elementor-widget-container\">\n\t\t\t\t\t<h2 class=\"elementor-heading-title elementor-size-default\">2023 34th Bihor Open 1st World &amp; European Karate Championship<\/h2>\t\t\t\t<\/div>\n\t\t\t\t<\/div>\n\t\t\t\t\t<\/div>\r\n\t\t\t\t<\/div>\r\n\t\t\t\t<div class=\"elementor-column elementor-col-25 elementor-top-column elementor-element elementor-element-644f7f1\" data-id=\"644f7f1\" data-element_type=\"column\" data-e-type=\"column\">\r\n\t\t\t\t\t<div class=\"elementor-widget-wrap elementor-element-populated\">\r\n\t\t\t\t\t\t\t\t<div class=\"elementor-element elementor-element-1777492 elementor-widget elementor-widget-image\" data-id=\"1777492\" data-element_type=\"widget\" data-e-type=\"widget\" data-widget_type=\"image.default\">\n\t\t\t\t<div class=\"elementor-widget-container\">\n\t\t\t\t\t\t\t\t\t\t\t\t\t\t\t\t<a href=\"https:\/\/wseku-karate.org\/en\/poze\/2019-campionatul-national-scolar-de-karate\/\" target=\"_blank\">\n\t\t\t\t\t\t\t<img loading=\"lazy\" decoding=\"async\" width=\"463\" height=\"348\" src=\"https:\/\/wseku-karate.org\/wp-content\/uploads\/2023\/05\/22-19-463x348.webp\" class=\"attachment-blog-medium size-blog-medium wp-image-8970\" alt=\"\" srcset=\"https:\/\/wseku-karate.org\/wp-content\/uploads\/2023\/05\/22-19-463x348.webp 463w, https:\/\/wseku-karate.org\/wp-content\/uploads\/2023\/05\/22-19-400x300.webp 400w\" sizes=\"(max-width: 463px) 100vw, 463px\" \/>\t\t\t\t\t\t\t\t<\/a>\n\t\t\t\t\t\t\t\t\t\t\t\t\t\t\t<\/div>\n\t\t\t\t<\/div>\n\t\t\t\t<div class=\"elementor-element elementor-element-55c4849 elementor-widget elementor-widget-heading\" data-id=\"55c4849\" data-element_type=\"widget\" data-e-type=\"widget\" data-widget_type=\"heading.default\">\n\t\t\t\t<div class=\"elementor-widget-container\">\n\t\t\t\t\t<h2 class=\"elementor-heading-title elementor-size-default\">2019 Campionatul Na\u0163ional \u015ecolar de Karate<\/h2>\t\t\t\t<\/div>\n\t\t\t\t<\/div>\n\t\t\t\t\t<\/div>\r\n\t\t\t\t<\/div>\r\n\t\t\t\t<div class=\"elementor-column elementor-col-25 elementor-top-column elementor-element elementor-element-4fd9c73\" data-id=\"4fd9c73\" data-element_type=\"column\" data-e-type=\"column\">\r\n\t\t\t\t\t<div class=\"elementor-widget-wrap elementor-element-populated\">\r\n\t\t\t\t\t\t\t\t<div class=\"elementor-element elementor-element-40d4255 elementor-widget elementor-widget-image\" data-id=\"40d4255\" data-element_type=\"widget\" data-e-type=\"widget\" data-widget_type=\"image.default\">\n\t\t\t\t<div class=\"elementor-widget-container\">\n\t\t\t\t\t\t\t\t\t\t\t\t\t\t\t\t<a href=\"https:\/\/wseku-karate.org\/en\/poze\/2019-bihor-open-champions-tournament\/\">\n\t\t\t\t\t\t\t<img loading=\"lazy\" decoding=\"async\" width=\"463\" height=\"348\" src=\"https:\/\/wseku-karate.org\/wp-content\/uploads\/2023\/05\/72660872_2585562291481590_1875342202159235072_n_2585562288148257-463x348.webp\" class=\"attachment-blog-medium size-blog-medium wp-image-8901\" alt=\"\" srcset=\"https:\/\/wseku-karate.org\/wp-content\/uploads\/2023\/05\/72660872_2585562291481590_1875342202159235072_n_2585562288148257-463x348.webp 463w, https:\/\/wseku-karate.org\/wp-content\/uploads\/2023\/05\/72660872_2585562291481590_1875342202159235072_n_2585562288148257-400x300.webp 400w\" sizes=\"(max-width: 463px) 100vw, 463px\" \/>\t\t\t\t\t\t\t\t<\/a>\n\t\t\t\t\t\t\t\t\t\t\t\t\t\t\t<\/div>\n\t\t\t\t<\/div>\n\t\t\t\t<div class=\"elementor-element elementor-element-53e7931 elementor-widget elementor-widget-heading\" data-id=\"53e7931\" data-element_type=\"widget\" data-e-type=\"widget\" data-widget_type=\"heading.default\">\n\t\t\t\t<div class=\"elementor-widget-container\">\n\t\t\t\t\t<h2 class=\"elementor-heading-title elementor-size-default\">2019 Bihor Open-Champions Tournament<\/h2>\t\t\t\t<\/div>\n\t\t\t\t<\/div>\n\t\t\t\t\t<\/div>\r\n\t\t\t\t<\/div>\r\n\t\t\t\t\t<\/div>\r\n\t\t\t\t<\/section>\r\n\t\t\t\t<section data-particle_enable=\"false\" data-particle-mobile-disabled=\"false\" class=\"elementor-section elementor-top-section elementor-element elementor-element-3541311 elementor-section-boxed elementor-section-height-default elementor-section-height-default\" data-id=\"3541311\" data-element_type=\"section\" data-e-type=\"section\">\r\n\t\t\r\n\t\t\t\t\t\t\t<div class=\"elementor-container elementor-column-gap-default\">\r\n\t\t\t\t\t\t\t\t\t\t\t<div class=\"elementor-column elementor-col-25 elementor-top-column elementor-element elementor-element-38baefa\" data-id=\"38baefa\" data-element_type=\"column\" data-e-type=\"column\">\r\n\t\t\t\t\t<div class=\"elementor-widget-wrap elementor-element-populated\">\r\n\t\t\t\t\t\t\t\t<div class=\"elementor-element elementor-element-a07f4bf elementor-widget elementor-widget-image\" data-id=\"a07f4bf\" data-element_type=\"widget\" data-e-type=\"widget\" data-widget_type=\"image.default\">\n\t\t\t\t<div class=\"elementor-widget-container\">\n\t\t\t\t\t\t\t\t\t\t\t\t\t\t\t\t<a href=\"https:\/\/wseku-karate.org\/en\/poze\/2018-campionatul-national-scolar-de-karate\/\">\n\t\t\t\t\t\t\t<img loading=\"lazy\" decoding=\"async\" width=\"463\" height=\"348\" src=\"https:\/\/wseku-karate.org\/wp-content\/uploads\/2023\/05\/31-14-463x348.webp\" class=\"attachment-blog-medium size-blog-medium wp-image-8763\" alt=\"\" srcset=\"https:\/\/wseku-karate.org\/wp-content\/uploads\/2023\/05\/31-14-463x348.webp 463w, https:\/\/wseku-karate.org\/wp-content\/uploads\/2023\/05\/31-14-400x300.webp 400w\" sizes=\"(max-width: 463px) 100vw, 463px\" \/>\t\t\t\t\t\t\t\t<\/a>\n\t\t\t\t\t\t\t\t\t\t\t\t\t\t\t<\/div>\n\t\t\t\t<\/div>\n\t\t\t\t<div class=\"elementor-element elementor-element-11416d4 elementor-widget elementor-widget-heading\" data-id=\"11416d4\" data-element_type=\"widget\" data-e-type=\"widget\" data-widget_type=\"heading.default\">\n\t\t\t\t<div class=\"elementor-widget-container\">\n\t\t\t\t\t<h2 class=\"elementor-heading-title elementor-size-default\">2018 Campionatul Na\u0163ional \u015ecolar de Karate<\/h2>\t\t\t\t<\/div>\n\t\t\t\t<\/div>\n\t\t\t\t\t<\/div>\r\n\t\t\t\t<\/div>\r\n\t\t\t\t<div class=\"elementor-column elementor-col-25 elementor-top-column elementor-element elementor-element-25e6d08\" data-id=\"25e6d08\" data-element_type=\"column\" data-e-type=\"column\">\r\n\t\t\t\t\t<div class=\"elementor-widget-wrap elementor-element-populated\">\r\n\t\t\t\t\t\t\t\t<div class=\"elementor-element elementor-element-3249d78 elementor-widget elementor-widget-image\" data-id=\"3249d78\" data-element_type=\"widget\" data-e-type=\"widget\" data-widget_type=\"image.default\">\n\t\t\t\t<div class=\"elementor-widget-container\">\n\t\t\t\t\t\t\t\t\t\t\t\t\t\t\t\t<a href=\"https:\/\/wseku-karate.org\/en\/poze\/2018-bihor-open-champions-tournament\/\">\n\t\t\t\t\t\t\t<img loading=\"lazy\" decoding=\"async\" width=\"463\" height=\"348\" src=\"https:\/\/wseku-karate.org\/wp-content\/uploads\/2023\/05\/103-2-463x348.webp\" class=\"attachment-blog-medium size-blog-medium wp-image-8705\" alt=\"\" srcset=\"https:\/\/wseku-karate.org\/wp-content\/uploads\/2023\/05\/103-2-463x348.webp 463w, https:\/\/wseku-karate.org\/wp-content\/uploads\/2023\/05\/103-2-400x300.webp 400w, https:\/\/wseku-karate.org\/wp-content\/uploads\/2023\/05\/103-2-367x275.webp 367w\" sizes=\"(max-width: 463px) 100vw, 463px\" \/>\t\t\t\t\t\t\t\t<\/a>\n\t\t\t\t\t\t\t\t\t\t\t\t\t\t\t<\/div>\n\t\t\t\t<\/div>\n\t\t\t\t<div class=\"elementor-element elementor-element-6497223 elementor-widget elementor-widget-heading\" data-id=\"6497223\" data-element_type=\"widget\" data-e-type=\"widget\" data-widget_type=\"heading.default\">\n\t\t\t\t<div class=\"elementor-widget-container\">\n\t\t\t\t\t<h2 class=\"elementor-heading-title elementor-size-default\">2018 Bihor Open-Champions Tournament<\/h2>\t\t\t\t<\/div>\n\t\t\t\t<\/div>\n\t\t\t\t\t<\/div>\r\n\t\t\t\t<\/div>\r\n\t\t\t\t<div class=\"elementor-column elementor-col-25 elementor-top-column elementor-element elementor-element-65464df\" data-id=\"65464df\" data-element_type=\"column\" data-e-type=\"column\">\r\n\t\t\t\t\t<div class=\"elementor-widget-wrap elementor-element-populated\">\r\n\t\t\t\t\t\t\t\t<div class=\"elementor-element elementor-element-f314ae8 elementor-widget elementor-widget-image\" data-id=\"f314ae8\" data-element_type=\"widget\" data-e-type=\"widget\" data-widget_type=\"image.default\">\n\t\t\t\t<div class=\"elementor-widget-container\">\n\t\t\t\t\t\t\t\t\t\t\t\t\t\t\t\t<a href=\"https:\/\/wseku-karate.org\/en\/poze\/2017-campionatul-national-scolar-de-karate\/\">\n\t\t\t\t\t\t\t<img loading=\"lazy\" decoding=\"async\" width=\"463\" height=\"348\" src=\"https:\/\/wseku-karate.org\/wp-content\/uploads\/2023\/05\/37-12-463x348.webp\" class=\"attachment-blog-medium size-blog-medium wp-image-8577\" alt=\"\" srcset=\"https:\/\/wseku-karate.org\/wp-content\/uploads\/2023\/05\/37-12-463x348.webp 463w, https:\/\/wseku-karate.org\/wp-content\/uploads\/2023\/05\/37-12-400x300.webp 400w\" sizes=\"(max-width: 463px) 100vw, 463px\" \/>\t\t\t\t\t\t\t\t<\/a>\n\t\t\t\t\t\t\t\t\t\t\t\t\t\t\t<\/div>\n\t\t\t\t<\/div>\n\t\t\t\t<div class=\"elementor-element elementor-element-8b33d44 elementor-widget elementor-widget-heading\" data-id=\"8b33d44\" data-element_type=\"widget\" data-e-type=\"widget\" data-widget_type=\"heading.default\">\n\t\t\t\t<div class=\"elementor-widget-container\">\n\t\t\t\t\t<h2 class=\"elementor-heading-title elementor-size-default\">2017 Campionatul Na\u0163ional \u015ecolar de Karate<\/h2>\t\t\t\t<\/div>\n\t\t\t\t<\/div>\n\t\t\t\t\t<\/div>\r\n\t\t\t\t<\/div>\r\n\t\t\t\t<div class=\"elementor-column elementor-col-25 elementor-top-column elementor-element elementor-element-5cc85e2\" data-id=\"5cc85e2\" data-element_type=\"column\" data-e-type=\"column\">\r\n\t\t\t\t\t<div class=\"elementor-widget-wrap elementor-element-populated\">\r\n\t\t\t\t\t\t\t\t<div class=\"elementor-element elementor-element-f0c1123 elementor-widget elementor-widget-image\" data-id=\"f0c1123\" data-element_type=\"widget\" data-e-type=\"widget\" data-widget_type=\"image.default\">\n\t\t\t\t<div class=\"elementor-widget-container\">\n\t\t\t\t\t\t\t\t\t\t\t\t\t\t\t\t<a href=\"https:\/\/wseku-karate.org\/en\/poze\/2017-bihor-open-champions-tournament\/\">\n\t\t\t\t\t\t\t<img loading=\"lazy\" decoding=\"async\" width=\"463\" height=\"348\" src=\"https:\/\/wseku-karate.org\/wp-content\/uploads\/2023\/05\/2-19-463x348.webp\" class=\"attachment-blog-medium size-blog-medium wp-image-8522\" alt=\"\" srcset=\"https:\/\/wseku-karate.org\/wp-content\/uploads\/2023\/05\/2-19-463x348.webp 463w, https:\/\/wseku-karate.org\/wp-content\/uploads\/2023\/05\/2-19-400x300.webp 400w\" sizes=\"(max-width: 463px) 100vw, 463px\" \/>\t\t\t\t\t\t\t\t<\/a>\n\t\t\t\t\t\t\t\t\t\t\t\t\t\t\t<\/div>\n\t\t\t\t<\/div>\n\t\t\t\t<div class=\"elementor-element elementor-element-7f26a7b elementor-widget elementor-widget-heading\" data-id=\"7f26a7b\" data-element_type=\"widget\" data-e-type=\"widget\" data-widget_type=\"heading.default\">\n\t\t\t\t<div class=\"elementor-widget-container\">\n\t\t\t\t\t<h2 class=\"elementor-heading-title elementor-size-default\">2017 Bihor Open-Champions Tournament<\/h2>\t\t\t\t<\/div>\n\t\t\t\t<\/div>\n\t\t\t\t\t<\/div>\r\n\t\t\t\t<\/div>\r\n\t\t\t\t\t<\/div>\r\n\t\t\t\t<\/section>\r\n\t\t\t\t<section data-particle_enable=\"false\" data-particle-mobile-disabled=\"false\" class=\"elementor-section elementor-top-section elementor-element elementor-element-481ece9 elementor-section-boxed elementor-section-height-default elementor-section-height-default\" data-id=\"481ece9\" data-element_type=\"section\" data-e-type=\"section\">\r\n\t\t\r\n\t\t\t\t\t\t\t<div class=\"elementor-container elementor-column-gap-default\">\r\n\t\t\t\t\t\t\t\t\t\t\t<div class=\"elementor-column elementor-col-25 elementor-top-column elementor-element elementor-element-7449ff5\" data-id=\"7449ff5\" data-element_type=\"column\" data-e-type=\"column\">\r\n\t\t\t\t\t<div class=\"elementor-widget-wrap elementor-element-populated\">\r\n\t\t\t\t\t\t\t\t<div class=\"elementor-element elementor-element-be46b54 elementor-widget elementor-widget-image\" data-id=\"be46b54\" data-element_type=\"widget\" data-e-type=\"widget\" data-widget_type=\"image.default\">\n\t\t\t\t<div class=\"elementor-widget-container\">\n\t\t\t\t\t\t\t\t\t\t\t\t\t\t\t\t<a href=\"https:\/\/wseku-karate.org\/en\/poze\/2016-campionatul-national-scolar-de-karate\/\">\n\t\t\t\t\t\t\t<img loading=\"lazy\" decoding=\"async\" width=\"463\" height=\"348\" src=\"https:\/\/wseku-karate.org\/wp-content\/uploads\/2023\/05\/49-9-463x348.webp\" class=\"attachment-blog-medium size-blog-medium wp-image-8324\" alt=\"\" srcset=\"https:\/\/wseku-karate.org\/wp-content\/uploads\/2023\/05\/49-9-463x348.webp 463w, https:\/\/wseku-karate.org\/wp-content\/uploads\/2023\/05\/49-9-400x300.webp 400w\" sizes=\"(max-width: 463px) 100vw, 463px\" \/>\t\t\t\t\t\t\t\t<\/a>\n\t\t\t\t\t\t\t\t\t\t\t\t\t\t\t<\/div>\n\t\t\t\t<\/div>\n\t\t\t\t<div class=\"elementor-element elementor-element-37e5547 elementor-widget elementor-widget-heading\" data-id=\"37e5547\" data-element_type=\"widget\" data-e-type=\"widget\" data-widget_type=\"heading.default\">\n\t\t\t\t<div class=\"elementor-widget-container\">\n\t\t\t\t\t<h2 class=\"elementor-heading-title elementor-size-default\">2016 Campionatul Na\u0163ional \u015ecolar de Karate<\/h2>\t\t\t\t<\/div>\n\t\t\t\t<\/div>\n\t\t\t\t\t<\/div>\r\n\t\t\t\t<\/div>\r\n\t\t\t\t<div class=\"elementor-column elementor-col-25 elementor-top-column elementor-element elementor-element-524fcbb\" data-id=\"524fcbb\" data-element_type=\"column\" data-e-type=\"column\">\r\n\t\t\t\t\t<div class=\"elementor-widget-wrap elementor-element-populated\">\r\n\t\t\t\t\t\t\t\t<div class=\"elementor-element elementor-element-61b9a93 elementor-widget elementor-widget-image\" data-id=\"61b9a93\" data-element_type=\"widget\" data-e-type=\"widget\" data-widget_type=\"image.default\">\n\t\t\t\t<div class=\"elementor-widget-container\">\n\t\t\t\t\t\t\t\t\t\t\t\t\t\t\t\t<a href=\"https:\/\/wseku-karate.org\/en\/poze\/2016-bihor-open-champions-day\/\">\n\t\t\t\t\t\t\t<img loading=\"lazy\" decoding=\"async\" width=\"463\" height=\"348\" src=\"https:\/\/wseku-karate.org\/wp-content\/uploads\/2023\/05\/68-7-463x348.webp\" class=\"attachment-blog-medium size-blog-medium wp-image-8230\" alt=\"\" srcset=\"https:\/\/wseku-karate.org\/wp-content\/uploads\/2023\/05\/68-7-463x348.webp 463w, https:\/\/wseku-karate.org\/wp-content\/uploads\/2023\/05\/68-7-400x300.webp 400w\" sizes=\"(max-width: 463px) 100vw, 463px\" \/>\t\t\t\t\t\t\t\t<\/a>\n\t\t\t\t\t\t\t\t\t\t\t\t\t\t\t<\/div>\n\t\t\t\t<\/div>\n\t\t\t\t<div class=\"elementor-element elementor-element-fa540c1 elementor-widget elementor-widget-heading\" data-id=\"fa540c1\" data-element_type=\"widget\" data-e-type=\"widget\" data-widget_type=\"heading.default\">\n\t\t\t\t<div class=\"elementor-widget-container\">\n\t\t\t\t\t<h2 class=\"elementor-heading-title elementor-size-default\">2016 Bihor Open Champions Day<\/h2>\t\t\t\t<\/div>\n\t\t\t\t<\/div>\n\t\t\t\t\t<\/div>\r\n\t\t\t\t<\/div>\r\n\t\t\t\t<div class=\"elementor-column elementor-col-25 elementor-top-column elementor-element elementor-element-ad46bca\" data-id=\"ad46bca\" data-element_type=\"column\" data-e-type=\"column\">\r\n\t\t\t\t\t<div class=\"elementor-widget-wrap elementor-element-populated\">\r\n\t\t\t\t\t\t\t\t<div class=\"elementor-element elementor-element-0ca1264 elementor-widget elementor-widget-image\" data-id=\"0ca1264\" data-element_type=\"widget\" data-e-type=\"widget\" data-widget_type=\"image.default\">\n\t\t\t\t<div class=\"elementor-widget-container\">\n\t\t\t\t\t\t\t\t\t\t\t\t\t\t\t\t<a href=\"https:\/\/wseku-karate.org\/en\/poze\/2015-sretenje-cup-arandjelovac\/\">\n\t\t\t\t\t\t\t<img loading=\"lazy\" decoding=\"async\" width=\"463\" height=\"348\" src=\"https:\/\/wseku-karate.org\/wp-content\/uploads\/2023\/05\/14-14-463x348.webp\" class=\"attachment-blog-medium size-blog-medium wp-image-8200\" alt=\"\" srcset=\"https:\/\/wseku-karate.org\/wp-content\/uploads\/2023\/05\/14-14-463x348.webp 463w, https:\/\/wseku-karate.org\/wp-content\/uploads\/2023\/05\/14-14-400x300.webp 400w, https:\/\/wseku-karate.org\/wp-content\/uploads\/2023\/05\/14-14-367x275.webp 367w\" sizes=\"(max-width: 463px) 100vw, 463px\" \/>\t\t\t\t\t\t\t\t<\/a>\n\t\t\t\t\t\t\t\t\t\t\t\t\t\t\t<\/div>\n\t\t\t\t<\/div>\n\t\t\t\t<div class=\"elementor-element elementor-element-0ecdbcc elementor-widget elementor-widget-heading\" data-id=\"0ecdbcc\" data-element_type=\"widget\" data-e-type=\"widget\" data-widget_type=\"heading.default\">\n\t\t\t\t<div class=\"elementor-widget-container\">\n\t\t\t\t\t<h2 class=\"elementor-heading-title elementor-size-default\">2015 Sretenje Cup Arandjelovac, Serbia<\/h2>\t\t\t\t<\/div>\n\t\t\t\t<\/div>\n\t\t\t\t\t<\/div>\r\n\t\t\t\t<\/div>\r\n\t\t\t\t<div class=\"elementor-column elementor-col-25 elementor-top-column elementor-element elementor-element-e2c7fd8\" data-id=\"e2c7fd8\" data-element_type=\"column\" data-e-type=\"column\">\r\n\t\t\t\t\t<div class=\"elementor-widget-wrap elementor-element-populated\">\r\n\t\t\t\t\t\t\t\t<div class=\"elementor-element elementor-element-3174ef9 elementor-widget elementor-widget-image\" data-id=\"3174ef9\" data-element_type=\"widget\" data-e-type=\"widget\" data-widget_type=\"image.default\">\n\t\t\t\t<div class=\"elementor-widget-container\">\n\t\t\t\t\t\t\t\t\t\t\t\t\t\t\t\t<a href=\"https:\/\/wseku-karate.org\/en\/poze\/2015-campionatul-national-scolar-de-karate\/\">\n\t\t\t\t\t\t\t<img loading=\"lazy\" decoding=\"async\" width=\"463\" height=\"348\" src=\"https:\/\/wseku-karate.org\/wp-content\/uploads\/2023\/05\/30-10-463x348.webp\" class=\"attachment-blog-medium size-blog-medium wp-image-8183\" alt=\"\" srcset=\"https:\/\/wseku-karate.org\/wp-content\/uploads\/2023\/05\/30-10-463x348.webp 463w, https:\/\/wseku-karate.org\/wp-content\/uploads\/2023\/05\/30-10-400x300.webp 400w\" sizes=\"(max-width: 463px) 100vw, 463px\" \/>\t\t\t\t\t\t\t\t<\/a>\n\t\t\t\t\t\t\t\t\t\t\t\t\t\t\t<\/div>\n\t\t\t\t<\/div>\n\t\t\t\t<div class=\"elementor-element elementor-element-2bd96e3 elementor-widget elementor-widget-heading\" data-id=\"2bd96e3\" data-element_type=\"widget\" data-e-type=\"widget\" data-widget_type=\"heading.default\">\n\t\t\t\t<div class=\"elementor-widget-container\">\n\t\t\t\t\t<h2 class=\"elementor-heading-title elementor-size-default\">2015 Campionatul Na\u0163ional \u015ecolar de Karate<\/h2>\t\t\t\t<\/div>\n\t\t\t\t<\/div>\n\t\t\t\t\t<\/div>\r\n\t\t\t\t<\/div>\r\n\t\t\t\t\t<\/div>\r\n\t\t\t\t<\/section>\r\n\t\t\t\t<section data-particle_enable=\"false\" data-particle-mobile-disabled=\"false\" class=\"elementor-section elementor-top-section elementor-element elementor-element-a6d595f elementor-section-boxed elementor-section-height-default elementor-section-height-default\" data-id=\"a6d595f\" data-element_type=\"section\" data-e-type=\"section\">\r\n\t\t\r\n\t\t\t\t\t\t\t<div class=\"elementor-container elementor-column-gap-default\">\r\n\t\t\t\t\t\t\t\t\t\t\t<div class=\"elementor-column elementor-col-25 elementor-top-column elementor-element elementor-element-a2bd512\" data-id=\"a2bd512\" data-element_type=\"column\" data-e-type=\"column\">\r\n\t\t\t\t\t<div class=\"elementor-widget-wrap elementor-element-populated\">\r\n\t\t\t\t\t\t\t\t<div class=\"elementor-element elementor-element-a2a73b4 elementor-widget elementor-widget-image\" data-id=\"a2a73b4\" data-element_type=\"widget\" data-e-type=\"widget\" data-widget_type=\"image.default\">\n\t\t\t\t<div class=\"elementor-widget-container\">\n\t\t\t\t\t\t\t\t\t\t\t\t\t\t\t\t<a href=\"https:\/\/wseku-karate.org\/en\/poze\/2015-bihor-open-champions-day\/\">\n\t\t\t\t\t\t\t<img loading=\"lazy\" decoding=\"async\" width=\"463\" height=\"348\" src=\"https:\/\/wseku-karate.org\/wp-content\/uploads\/2023\/05\/149-463x348.webp\" class=\"attachment-blog-medium size-blog-medium wp-image-8128\" alt=\"\" srcset=\"https:\/\/wseku-karate.org\/wp-content\/uploads\/2023\/05\/149-463x348.webp 463w, https:\/\/wseku-karate.org\/wp-content\/uploads\/2023\/05\/149-400x300.webp 400w\" sizes=\"(max-width: 463px) 100vw, 463px\" \/>\t\t\t\t\t\t\t\t<\/a>\n\t\t\t\t\t\t\t\t\t\t\t\t\t\t\t<\/div>\n\t\t\t\t<\/div>\n\t\t\t\t<div class=\"elementor-element elementor-element-b18671b elementor-widget elementor-widget-heading\" data-id=\"b18671b\" data-element_type=\"widget\" data-e-type=\"widget\" data-widget_type=\"heading.default\">\n\t\t\t\t<div class=\"elementor-widget-container\">\n\t\t\t\t\t<h2 class=\"elementor-heading-title elementor-size-default\">2015 Bihor Open Champions Day<\/h2>\t\t\t\t<\/div>\n\t\t\t\t<\/div>\n\t\t\t\t\t<\/div>\r\n\t\t\t\t<\/div>\r\n\t\t\t\t<div class=\"elementor-column elementor-col-25 elementor-top-column elementor-element elementor-element-ad0afb2\" data-id=\"ad0afb2\" data-element_type=\"column\" data-e-type=\"column\">\r\n\t\t\t\t\t<div class=\"elementor-widget-wrap elementor-element-populated\">\r\n\t\t\t\t\t\t\t\t<div class=\"elementor-element elementor-element-dcc6070 elementor-widget elementor-widget-image\" data-id=\"dcc6070\" data-element_type=\"widget\" data-e-type=\"widget\" data-widget_type=\"image.default\">\n\t\t\t\t<div class=\"elementor-widget-container\">\n\t\t\t\t\t\t\t\t\t\t\t\t\t\t\t\t<a href=\"https:\/\/wseku-karate.org\/en\/poze\/2014-campionatul-national-scolar-de-karate\/\">\n\t\t\t\t\t\t\t<img loading=\"lazy\" decoding=\"async\" width=\"463\" height=\"348\" src=\"https:\/\/wseku-karate.org\/wp-content\/uploads\/2023\/05\/75-2-463x348.webp\" class=\"attachment-blog-medium size-blog-medium wp-image-7962\" alt=\"\" srcset=\"https:\/\/wseku-karate.org\/wp-content\/uploads\/2023\/05\/75-2-463x348.webp 463w, https:\/\/wseku-karate.org\/wp-content\/uploads\/2023\/05\/75-2-400x300.webp 400w, https:\/\/wseku-karate.org\/wp-content\/uploads\/2023\/05\/75-2-367x275.webp 367w\" sizes=\"(max-width: 463px) 100vw, 463px\" \/>\t\t\t\t\t\t\t\t<\/a>\n\t\t\t\t\t\t\t\t\t\t\t\t\t\t\t<\/div>\n\t\t\t\t<\/div>\n\t\t\t\t<div class=\"elementor-element elementor-element-582a168 elementor-widget elementor-widget-heading\" data-id=\"582a168\" data-element_type=\"widget\" data-e-type=\"widget\" data-widget_type=\"heading.default\">\n\t\t\t\t<div class=\"elementor-widget-container\">\n\t\t\t\t\t<h2 class=\"elementor-heading-title elementor-size-default\">2014 Campionatul Na\u0163ional \u015ecolar de Karate<\/h2>\t\t\t\t<\/div>\n\t\t\t\t<\/div>\n\t\t\t\t\t<\/div>\r\n\t\t\t\t<\/div>\r\n\t\t\t\t<div class=\"elementor-column elementor-col-25 elementor-top-column elementor-element elementor-element-ac66856\" data-id=\"ac66856\" data-element_type=\"column\" data-e-type=\"column\">\r\n\t\t\t\t\t<div class=\"elementor-widget-wrap elementor-element-populated\">\r\n\t\t\t\t\t\t\t\t<div class=\"elementor-element elementor-element-5895935 elementor-widget elementor-widget-image\" data-id=\"5895935\" data-element_type=\"widget\" data-e-type=\"widget\" data-widget_type=\"image.default\">\n\t\t\t\t<div class=\"elementor-widget-container\">\n\t\t\t\t\t\t\t\t\t\t\t\t\t\t\t\t<a href=\"https:\/\/wseku-karate.org\/en\/poze\/2014-bihor-open-champions-day\/\">\n\t\t\t\t\t\t\t<img loading=\"lazy\" decoding=\"async\" width=\"463\" height=\"348\" src=\"https:\/\/wseku-karate.org\/wp-content\/uploads\/2023\/05\/41-6-463x348.webp\" class=\"attachment-blog-medium size-blog-medium wp-image-7850\" alt=\"\" srcset=\"https:\/\/wseku-karate.org\/wp-content\/uploads\/2023\/05\/41-6-463x348.webp 463w, https:\/\/wseku-karate.org\/wp-content\/uploads\/2023\/05\/41-6-400x300.webp 400w, https:\/\/wseku-karate.org\/wp-content\/uploads\/2023\/05\/41-6-367x275.webp 367w\" sizes=\"(max-width: 463px) 100vw, 463px\" \/>\t\t\t\t\t\t\t\t<\/a>\n\t\t\t\t\t\t\t\t\t\t\t\t\t\t\t<\/div>\n\t\t\t\t<\/div>\n\t\t\t\t<div class=\"elementor-element elementor-element-3cb5e1f elementor-widget elementor-widget-heading\" data-id=\"3cb5e1f\" data-element_type=\"widget\" data-e-type=\"widget\" data-widget_type=\"heading.default\">\n\t\t\t\t<div class=\"elementor-widget-container\">\n\t\t\t\t\t<h2 class=\"elementor-heading-title elementor-size-default\">2014 Bihor Open Champions Day<\/h2>\t\t\t\t<\/div>\n\t\t\t\t<\/div>\n\t\t\t\t\t<\/div>\r\n\t\t\t\t<\/div>\r\n\t\t\t\t<div class=\"elementor-column elementor-col-25 elementor-top-column elementor-element elementor-element-be5a982\" data-id=\"be5a982\" data-element_type=\"column\" data-e-type=\"column\">\r\n\t\t\t\t\t<div class=\"elementor-widget-wrap elementor-element-populated\">\r\n\t\t\t\t\t\t\t\t<div class=\"elementor-element elementor-element-7de85e2 elementor-widget elementor-widget-image\" data-id=\"7de85e2\" data-element_type=\"widget\" data-e-type=\"widget\" data-widget_type=\"image.default\">\n\t\t\t\t<div class=\"elementor-widget-container\">\n\t\t\t\t\t\t\t\t\t\t\t\t\t\t\t\t<a href=\"https:\/\/wseku-karate.org\/en\/poze\/2013-wuk-world-karate-championship\/\">\n\t\t\t\t\t\t\t<img loading=\"lazy\" decoding=\"async\" width=\"463\" height=\"348\" src=\"https:\/\/wseku-karate.org\/wp-content\/uploads\/2023\/05\/1474532_620614947976344_181306286_n_620614947976344-463x348.webp\" class=\"attachment-blog-medium size-blog-medium wp-image-7820\" alt=\"\" srcset=\"https:\/\/wseku-karate.org\/wp-content\/uploads\/2023\/05\/1474532_620614947976344_181306286_n_620614947976344-463x348.webp 463w, https:\/\/wseku-karate.org\/wp-content\/uploads\/2023\/05\/1474532_620614947976344_181306286_n_620614947976344-400x300.webp 400w, https:\/\/wseku-karate.org\/wp-content\/uploads\/2023\/05\/1474532_620614947976344_181306286_n_620614947976344-367x275.webp 367w\" sizes=\"(max-width: 463px) 100vw, 463px\" \/>\t\t\t\t\t\t\t\t<\/a>\n\t\t\t\t\t\t\t\t\t\t\t\t\t\t\t<\/div>\n\t\t\t\t<\/div>\n\t\t\t\t<div class=\"elementor-element elementor-element-a4d06dd elementor-widget elementor-widget-heading\" data-id=\"a4d06dd\" data-element_type=\"widget\" data-e-type=\"widget\" data-widget_type=\"heading.default\">\n\t\t\t\t<div class=\"elementor-widget-container\">\n\t\t\t\t\t<h2 class=\"elementor-heading-title elementor-size-default\">2013 WUK World Karate Championship<\/h2>\t\t\t\t<\/div>\n\t\t\t\t<\/div>\n\t\t\t\t\t<\/div>\r\n\t\t\t\t<\/div>\r\n\t\t\t\t\t<\/div>\r\n\t\t\t\t<\/section>\r\n\t\t\t\t<section data-particle_enable=\"false\" data-particle-mobile-disabled=\"false\" class=\"elementor-section elementor-top-section elementor-element elementor-element-a1dc54a elementor-section-boxed elementor-section-height-default elementor-section-height-default\" data-id=\"a1dc54a\" data-element_type=\"section\" data-e-type=\"section\">\r\n\t\t\r\n\t\t\t\t\t\t\t<div class=\"elementor-container elementor-column-gap-default\">\r\n\t\t\t\t\t\t\t\t\t\t\t<div class=\"elementor-column elementor-col-25 elementor-top-column elementor-element elementor-element-3d46279\" data-id=\"3d46279\" data-element_type=\"column\" data-e-type=\"column\">\r\n\t\t\t\t\t<div class=\"elementor-widget-wrap elementor-element-populated\">\r\n\t\t\t\t\t\t\t\t<div class=\"elementor-element elementor-element-3051a26 elementor-widget elementor-widget-image\" data-id=\"3051a26\" data-element_type=\"widget\" data-e-type=\"widget\" data-widget_type=\"image.default\">\n\t\t\t\t<div class=\"elementor-widget-container\">\n\t\t\t\t\t\t\t\t\t\t\t\t\t\t\t\t<a href=\"https:\/\/wseku-karate.org\/en\/poze\/2013-wsku-world-shotokan-karate-championship\/\">\n\t\t\t\t\t\t\t<img loading=\"lazy\" decoding=\"async\" width=\"463\" height=\"348\" src=\"https:\/\/wseku-karate.org\/wp-content\/uploads\/2023\/05\/79-463x348.webp\" class=\"attachment-blog-medium size-blog-medium wp-image-7800\" alt=\"\" srcset=\"https:\/\/wseku-karate.org\/wp-content\/uploads\/2023\/05\/79-463x348.webp 463w, https:\/\/wseku-karate.org\/wp-content\/uploads\/2023\/05\/79-400x300.webp 400w, https:\/\/wseku-karate.org\/wp-content\/uploads\/2023\/05\/79-367x275.webp 367w\" sizes=\"(max-width: 463px) 100vw, 463px\" \/>\t\t\t\t\t\t\t\t<\/a>\n\t\t\t\t\t\t\t\t\t\t\t\t\t\t\t<\/div>\n\t\t\t\t<\/div>\n\t\t\t\t<div class=\"elementor-element elementor-element-c376676 elementor-widget elementor-widget-heading\" data-id=\"c376676\" data-element_type=\"widget\" data-e-type=\"widget\" data-widget_type=\"heading.default\">\n\t\t\t\t<div class=\"elementor-widget-container\">\n\t\t\t\t\t<h2 class=\"elementor-heading-title elementor-size-default\">2013 WSKU World Shotokan Karate Championship<\/h2>\t\t\t\t<\/div>\n\t\t\t\t<\/div>\n\t\t\t\t\t<\/div>\r\n\t\t\t\t<\/div>\r\n\t\t\t\t<div class=\"elementor-column elementor-col-25 elementor-top-column elementor-element elementor-element-d8471a6\" data-id=\"d8471a6\" data-element_type=\"column\" data-e-type=\"column\">\r\n\t\t\t\t\t<div class=\"elementor-widget-wrap elementor-element-populated\">\r\n\t\t\t\t\t\t\t\t<div class=\"elementor-element elementor-element-a4f02ee elementor-widget elementor-widget-image\" data-id=\"a4f02ee\" data-element_type=\"widget\" data-e-type=\"widget\" data-widget_type=\"image.default\">\n\t\t\t\t<div class=\"elementor-widget-container\">\n\t\t\t\t\t\t\t\t\t\t\t\t\t\t\t\t<a href=\"https:\/\/wseku-karate.org\/en\/poze\/2013-wsku-national-referees-coaches-course\/\">\n\t\t\t\t\t\t\t<img loading=\"lazy\" decoding=\"async\" width=\"463\" height=\"348\" src=\"https:\/\/wseku-karate.org\/wp-content\/uploads\/2023\/05\/481238_511188588918981_1361121852_n_511188588918981-463x348.webp\" class=\"attachment-blog-medium size-blog-medium wp-image-7622\" alt=\"\" srcset=\"https:\/\/wseku-karate.org\/wp-content\/uploads\/2023\/05\/481238_511188588918981_1361121852_n_511188588918981-463x348.webp 463w, https:\/\/wseku-karate.org\/wp-content\/uploads\/2023\/05\/481238_511188588918981_1361121852_n_511188588918981-400x300.webp 400w, https:\/\/wseku-karate.org\/wp-content\/uploads\/2023\/05\/481238_511188588918981_1361121852_n_511188588918981-367x275.webp 367w\" sizes=\"(max-width: 463px) 100vw, 463px\" \/>\t\t\t\t\t\t\t\t<\/a>\n\t\t\t\t\t\t\t\t\t\t\t\t\t\t\t<\/div>\n\t\t\t\t<\/div>\n\t\t\t\t<div class=\"elementor-element elementor-element-407573a elementor-widget elementor-widget-heading\" data-id=\"407573a\" data-element_type=\"widget\" data-e-type=\"widget\" data-widget_type=\"heading.default\">\n\t\t\t\t<div class=\"elementor-widget-container\">\n\t\t\t\t\t<h2 class=\"elementor-heading-title elementor-size-default\">2013 WSKU National Referees Coaches Course<\/h2>\t\t\t\t<\/div>\n\t\t\t\t<\/div>\n\t\t\t\t\t<\/div>\r\n\t\t\t\t<\/div>\r\n\t\t\t\t<div class=\"elementor-column elementor-col-25 elementor-top-column elementor-element elementor-element-083046c\" data-id=\"083046c\" data-element_type=\"column\" data-e-type=\"column\">\r\n\t\t\t\t\t<div class=\"elementor-widget-wrap elementor-element-populated\">\r\n\t\t\t\t\t\t\t\t<div class=\"elementor-element elementor-element-dd0fcb6 elementor-widget elementor-widget-image\" data-id=\"dd0fcb6\" data-element_type=\"widget\" data-e-type=\"widget\" data-widget_type=\"image.default\">\n\t\t\t\t<div class=\"elementor-widget-container\">\n\t\t\t\t\t\t\t\t\t\t\t\t\t\t\t\t<a href=\"https:\/\/wseku-karate.org\/en\/poze\/2013-sretenje-cup-arandjelovac-serbia\/\">\n\t\t\t\t\t\t\t<img loading=\"lazy\" decoding=\"async\" width=\"463\" height=\"348\" src=\"https:\/\/wseku-karate.org\/wp-content\/uploads\/2023\/05\/13-8-463x348.webp\" class=\"attachment-blog-medium size-blog-medium wp-image-7588\" alt=\"\" srcset=\"https:\/\/wseku-karate.org\/wp-content\/uploads\/2023\/05\/13-8-463x348.webp 463w, https:\/\/wseku-karate.org\/wp-content\/uploads\/2023\/05\/13-8-400x300.webp 400w\" sizes=\"(max-width: 463px) 100vw, 463px\" \/>\t\t\t\t\t\t\t\t<\/a>\n\t\t\t\t\t\t\t\t\t\t\t\t\t\t\t<\/div>\n\t\t\t\t<\/div>\n\t\t\t\t<div class=\"elementor-element elementor-element-31b4f41 elementor-widget elementor-widget-heading\" data-id=\"31b4f41\" data-element_type=\"widget\" data-e-type=\"widget\" data-widget_type=\"heading.default\">\n\t\t\t\t<div class=\"elementor-widget-container\">\n\t\t\t\t\t<h2 class=\"elementor-heading-title elementor-size-default\">2013 Sretenje Cup Arandjelovac, Serbia<\/h2>\t\t\t\t<\/div>\n\t\t\t\t<\/div>\n\t\t\t\t\t<\/div>\r\n\t\t\t\t<\/div>\r\n\t\t\t\t<div class=\"elementor-column elementor-col-25 elementor-top-column elementor-element elementor-element-4519460\" data-id=\"4519460\" data-element_type=\"column\" data-e-type=\"column\">\r\n\t\t\t\t\t<div class=\"elementor-widget-wrap elementor-element-populated\">\r\n\t\t\t\t\t\t\t\t<div class=\"elementor-element elementor-element-fe85261 elementor-widget elementor-widget-image\" data-id=\"fe85261\" data-element_type=\"widget\" data-e-type=\"widget\" data-widget_type=\"image.default\">\n\t\t\t\t<div class=\"elementor-widget-container\">\n\t\t\t\t\t\t\t\t\t\t\t\t\t\t\t\t<a href=\"https:\/\/wseku-karate.org\/en\/poze\/2013-campionatul-national-scolar-de-karate\/\">\n\t\t\t\t\t\t\t<img loading=\"lazy\" decoding=\"async\" width=\"463\" height=\"348\" src=\"https:\/\/wseku-karate.org\/wp-content\/uploads\/2023\/05\/37-4-463x348.webp\" class=\"attachment-blog-medium size-blog-medium wp-image-7549\" alt=\"\" srcset=\"https:\/\/wseku-karate.org\/wp-content\/uploads\/2023\/05\/37-4-463x348.webp 463w, https:\/\/wseku-karate.org\/wp-content\/uploads\/2023\/05\/37-4-400x300.webp 400w\" sizes=\"(max-width: 463px) 100vw, 463px\" \/>\t\t\t\t\t\t\t\t<\/a>\n\t\t\t\t\t\t\t\t\t\t\t\t\t\t\t<\/div>\n\t\t\t\t<\/div>\n\t\t\t\t<div class=\"elementor-element elementor-element-b761f17 elementor-widget elementor-widget-heading\" data-id=\"b761f17\" data-element_type=\"widget\" data-e-type=\"widget\" data-widget_type=\"heading.default\">\n\t\t\t\t<div class=\"elementor-widget-container\">\n\t\t\t\t\t<h2 class=\"elementor-heading-title elementor-size-default\">2013 Campionatul Na\u0163ional \u015ecolar de Karate<\/h2>\t\t\t\t<\/div>\n\t\t\t\t<\/div>\n\t\t\t\t\t<\/div>\r\n\t\t\t\t<\/div>\r\n\t\t\t\t\t<\/div>\r\n\t\t\t\t<\/section>\r\n\t\t\t\t<section data-particle_enable=\"false\" data-particle-mobile-disabled=\"false\" class=\"elementor-section elementor-top-section elementor-element elementor-element-10f4de5 elementor-section-boxed elementor-section-height-default elementor-section-height-default\" data-id=\"10f4de5\" data-element_type=\"section\" data-e-type=\"section\">\r\n\t\t\r\n\t\t\t\t\t\t\t<div class=\"elementor-container elementor-column-gap-default\">\r\n\t\t\t\t\t\t\t\t\t\t\t<div class=\"elementor-column elementor-col-25 elementor-top-column elementor-element elementor-element-2b5bf36\" data-id=\"2b5bf36\" data-element_type=\"column\" data-e-type=\"column\">\r\n\t\t\t\t\t<div class=\"elementor-widget-wrap elementor-element-populated\">\r\n\t\t\t\t\t\t\t\t<div class=\"elementor-element elementor-element-b4da148 elementor-widget elementor-widget-image\" data-id=\"b4da148\" data-element_type=\"widget\" data-e-type=\"widget\" data-widget_type=\"image.default\">\n\t\t\t\t<div class=\"elementor-widget-container\">\n\t\t\t\t\t\t\t\t\t\t\t\t\t\t\t\t<a href=\"https:\/\/wseku-karate.org\/en\/poze\/2013-bihor-open-champions-day\/\">\n\t\t\t\t\t\t\t<img loading=\"lazy\" decoding=\"async\" width=\"463\" height=\"348\" src=\"https:\/\/wseku-karate.org\/wp-content\/uploads\/2023\/05\/62-3-463x348.webp\" class=\"attachment-blog-medium size-blog-medium wp-image-7505\" alt=\"\" srcset=\"https:\/\/wseku-karate.org\/wp-content\/uploads\/2023\/05\/62-3-463x348.webp 463w, https:\/\/wseku-karate.org\/wp-content\/uploads\/2023\/05\/62-3-400x300.webp 400w, https:\/\/wseku-karate.org\/wp-content\/uploads\/2023\/05\/62-3-367x275.webp 367w\" sizes=\"(max-width: 463px) 100vw, 463px\" \/>\t\t\t\t\t\t\t\t<\/a>\n\t\t\t\t\t\t\t\t\t\t\t\t\t\t\t<\/div>\n\t\t\t\t<\/div>\n\t\t\t\t<div class=\"elementor-element elementor-element-3ad9875 elementor-widget elementor-widget-heading\" data-id=\"3ad9875\" data-element_type=\"widget\" data-e-type=\"widget\" data-widget_type=\"heading.default\">\n\t\t\t\t<div class=\"elementor-widget-container\">\n\t\t\t\t\t<h2 class=\"elementor-heading-title elementor-size-default\">2013 Bihor Open Champions Day<\/h2>\t\t\t\t<\/div>\n\t\t\t\t<\/div>\n\t\t\t\t\t<\/div>\r\n\t\t\t\t<\/div>\r\n\t\t\t\t<div class=\"elementor-column elementor-col-25 elementor-top-column elementor-element elementor-element-4a68dd6\" data-id=\"4a68dd6\" data-element_type=\"column\" data-e-type=\"column\">\r\n\t\t\t\t\t<div class=\"elementor-widget-wrap elementor-element-populated\">\r\n\t\t\t\t\t\t\t\t<div class=\"elementor-element elementor-element-fc7423c elementor-widget elementor-widget-image\" data-id=\"fc7423c\" data-element_type=\"widget\" data-e-type=\"widget\" data-widget_type=\"image.default\">\n\t\t\t\t<div class=\"elementor-widget-container\">\n\t\t\t\t\t\t\t\t\t\t\t\t\t\t\t\t<a href=\"https:\/\/wseku-karate.org\/en\/poze\/2012-staff-ul-echipei-de-arbitri-scolari-la-karate-din-ministerul-educatiei\/\">\n\t\t\t\t\t\t\t<img loading=\"lazy\" decoding=\"async\" width=\"463\" height=\"348\" src=\"https:\/\/wseku-karate.org\/wp-content\/uploads\/2023\/05\/401216_459799537391220_1115933716_n_459799537391220-463x348.webp\" class=\"attachment-blog-medium size-blog-medium wp-image-7454\" alt=\"\" srcset=\"https:\/\/wseku-karate.org\/wp-content\/uploads\/2023\/05\/401216_459799537391220_1115933716_n_459799537391220-463x348.webp 463w, https:\/\/wseku-karate.org\/wp-content\/uploads\/2023\/05\/401216_459799537391220_1115933716_n_459799537391220-400x300.webp 400w, https:\/\/wseku-karate.org\/wp-content\/uploads\/2023\/05\/401216_459799537391220_1115933716_n_459799537391220-367x275.webp 367w\" sizes=\"(max-width: 463px) 100vw, 463px\" \/>\t\t\t\t\t\t\t\t<\/a>\n\t\t\t\t\t\t\t\t\t\t\t\t\t\t\t<\/div>\n\t\t\t\t<\/div>\n\t\t\t\t<div class=\"elementor-element elementor-element-22d4bf5 elementor-widget elementor-widget-heading\" data-id=\"22d4bf5\" data-element_type=\"widget\" data-e-type=\"widget\" data-widget_type=\"heading.default\">\n\t\t\t\t<div class=\"elementor-widget-container\">\n\t\t\t\t\t<h2 class=\"elementor-heading-title elementor-size-default\">2012 Staff-ul echipei de arbitri \u015fcolari la karate din Ministerul Educa\u021biei<\/h2>\t\t\t\t<\/div>\n\t\t\t\t<\/div>\n\t\t\t\t\t<\/div>\r\n\t\t\t\t<\/div>\r\n\t\t\t\t<div class=\"elementor-column elementor-col-25 elementor-top-column elementor-element elementor-element-7781bae\" data-id=\"7781bae\" data-element_type=\"column\" data-e-type=\"column\">\r\n\t\t\t\t\t<div class=\"elementor-widget-wrap elementor-element-populated\">\r\n\t\t\t\t\t\t\t\t<div class=\"elementor-element elementor-element-43a6ae2 elementor-widget elementor-widget-image\" data-id=\"43a6ae2\" data-element_type=\"widget\" data-e-type=\"widget\" data-widget_type=\"image.default\">\n\t\t\t\t<div class=\"elementor-widget-container\">\n\t\t\t\t\t\t\t\t\t\t\t\t\t\t\t\t<a href=\"https:\/\/wseku-karate.org\/en\/poze\/2012-campionatul-national-scolar-de-karate\/\">\n\t\t\t\t\t\t\t<img loading=\"lazy\" decoding=\"async\" width=\"463\" height=\"348\" src=\"https:\/\/wseku-karate.org\/wp-content\/uploads\/2023\/05\/60-2-463x348.webp\" class=\"attachment-blog-medium size-blog-medium wp-image-7414\" alt=\"\" srcset=\"https:\/\/wseku-karate.org\/wp-content\/uploads\/2023\/05\/60-2-463x348.webp 463w, https:\/\/wseku-karate.org\/wp-content\/uploads\/2023\/05\/60-2-400x300.webp 400w\" sizes=\"(max-width: 463px) 100vw, 463px\" \/>\t\t\t\t\t\t\t\t<\/a>\n\t\t\t\t\t\t\t\t\t\t\t\t\t\t\t<\/div>\n\t\t\t\t<\/div>\n\t\t\t\t<div class=\"elementor-element elementor-element-d087486 elementor-widget elementor-widget-heading\" data-id=\"d087486\" data-element_type=\"widget\" data-e-type=\"widget\" data-widget_type=\"heading.default\">\n\t\t\t\t<div class=\"elementor-widget-container\">\n\t\t\t\t\t<h2 class=\"elementor-heading-title elementor-size-default\">2012 Campionatul Na\u0163ional \u015ecolar de Karate<\/h2>\t\t\t\t<\/div>\n\t\t\t\t<\/div>\n\t\t\t\t\t<\/div>\r\n\t\t\t\t<\/div>\r\n\t\t\t\t<div class=\"elementor-column elementor-col-25 elementor-top-column elementor-element elementor-element-964a01b\" data-id=\"964a01b\" data-element_type=\"column\" data-e-type=\"column\">\r\n\t\t\t\t\t<div class=\"elementor-widget-wrap elementor-element-populated\">\r\n\t\t\t\t\t\t\t\t<div class=\"elementor-element elementor-element-e2a456c elementor-widget elementor-widget-image\" data-id=\"e2a456c\" data-element_type=\"widget\" data-e-type=\"widget\" data-widget_type=\"image.default\">\n\t\t\t\t<div class=\"elementor-widget-container\">\n\t\t\t\t\t\t\t\t\t\t\t\t\t\t\t\t<a href=\"https:\/\/wseku-karate.org\/en\/poze\/2012-bihor-open-champions-day\/\">\n\t\t\t\t\t\t\t<img loading=\"lazy\" decoding=\"async\" width=\"463\" height=\"348\" src=\"https:\/\/wseku-karate.org\/wp-content\/uploads\/2023\/05\/546188_439319786105862_872098848_n_439319786105862-463x348.webp\" class=\"attachment-blog-medium size-blog-medium wp-image-7331\" alt=\"\" srcset=\"https:\/\/wseku-karate.org\/wp-content\/uploads\/2023\/05\/546188_439319786105862_872098848_n_439319786105862-463x348.webp 463w, https:\/\/wseku-karate.org\/wp-content\/uploads\/2023\/05\/546188_439319786105862_872098848_n_439319786105862-400x300.webp 400w\" sizes=\"(max-width: 463px) 100vw, 463px\" \/>\t\t\t\t\t\t\t\t<\/a>\n\t\t\t\t\t\t\t\t\t\t\t\t\t\t\t<\/div>\n\t\t\t\t<\/div>\n\t\t\t\t<div class=\"elementor-element elementor-element-2835d0a elementor-widget elementor-widget-heading\" data-id=\"2835d0a\" data-element_type=\"widget\" data-e-type=\"widget\" data-widget_type=\"heading.default\">\n\t\t\t\t<div class=\"elementor-widget-container\">\n\t\t\t\t\t<h2 class=\"elementor-heading-title elementor-size-default\">2012 Bihor Open Champions Day<\/h2>\t\t\t\t<\/div>\n\t\t\t\t<\/div>\n\t\t\t\t\t<\/div>\r\n\t\t\t\t<\/div>\r\n\t\t\t\t\t<\/div>\r\n\t\t\t\t<\/section>\r\n\t\t\t\t<section data-particle_enable=\"false\" data-particle-mobile-disabled=\"false\" class=\"elementor-section elementor-top-section elementor-element elementor-element-8ac44d7 elementor-section-boxed elementor-section-height-default elementor-section-height-default\" data-id=\"8ac44d7\" data-element_type=\"section\" data-e-type=\"section\">\r\n\t\t\r\n\t\t\t\t\t\t\t<div class=\"elementor-container elementor-column-gap-default\">\r\n\t\t\t\t\t\t\t\t\t\t\t<div class=\"elementor-column elementor-col-25 elementor-top-column elementor-element elementor-element-cbbf413\" data-id=\"cbbf413\" data-element_type=\"column\" data-e-type=\"column\">\r\n\t\t\t\t\t<div class=\"elementor-widget-wrap elementor-element-populated\">\r\n\t\t\t\t\t\t\t\t<div class=\"elementor-element elementor-element-c9d1b69 elementor-widget elementor-widget-image\" data-id=\"c9d1b69\" data-element_type=\"widget\" data-e-type=\"widget\" data-widget_type=\"image.default\">\n\t\t\t\t<div class=\"elementor-widget-container\">\n\t\t\t\t\t\t\t\t\t\t\t\t\t\t\t\t<a href=\"https:\/\/wseku-karate.org\/en\/poze\/2011-sretenje-cup-arandjelovac\/\">\n\t\t\t\t\t\t\t<img loading=\"lazy\" decoding=\"async\" width=\"463\" height=\"348\" src=\"https:\/\/wseku-karate.org\/wp-content\/uploads\/2023\/05\/21-4-463x348.webp\" class=\"attachment-blog-medium size-blog-medium wp-image-7199\" alt=\"\" srcset=\"https:\/\/wseku-karate.org\/wp-content\/uploads\/2023\/05\/21-4-463x348.webp 463w, https:\/\/wseku-karate.org\/wp-content\/uploads\/2023\/05\/21-4-400x300.webp 400w, https:\/\/wseku-karate.org\/wp-content\/uploads\/2023\/05\/21-4-367x275.webp 367w\" sizes=\"(max-width: 463px) 100vw, 463px\" \/>\t\t\t\t\t\t\t\t<\/a>\n\t\t\t\t\t\t\t\t\t\t\t\t\t\t\t<\/div>\n\t\t\t\t<\/div>\n\t\t\t\t<div class=\"elementor-element elementor-element-5f6d477 elementor-widget elementor-widget-heading\" data-id=\"5f6d477\" data-element_type=\"widget\" data-e-type=\"widget\" data-widget_type=\"heading.default\">\n\t\t\t\t<div class=\"elementor-widget-container\">\n\t\t\t\t\t<h2 class=\"elementor-heading-title elementor-size-default\">2011 Sretenje Cup Arandjelovac<\/h2>\t\t\t\t<\/div>\n\t\t\t\t<\/div>\n\t\t\t\t\t<\/div>\r\n\t\t\t\t<\/div>\r\n\t\t\t\t<div class=\"elementor-column elementor-col-25 elementor-top-column elementor-element elementor-element-4973f32\" data-id=\"4973f32\" data-element_type=\"column\" data-e-type=\"column\">\r\n\t\t\t\t\t<div class=\"elementor-widget-wrap elementor-element-populated\">\r\n\t\t\t\t\t\t\t\t<div class=\"elementor-element elementor-element-200a2b2 elementor-widget elementor-widget-image\" data-id=\"200a2b2\" data-element_type=\"widget\" data-e-type=\"widget\" data-widget_type=\"image.default\">\n\t\t\t\t<div class=\"elementor-widget-container\">\n\t\t\t\t\t\t\t\t\t\t\t\t\t\t\t\t<a href=\"https:\/\/wseku-karate.org\/en\/poze\/2011-campionatul-national-scolar-de-karate\/\">\n\t\t\t\t\t\t\t<img loading=\"lazy\" decoding=\"async\" width=\"463\" height=\"348\" src=\"https:\/\/wseku-karate.org\/wp-content\/uploads\/2023\/05\/6-4-463x348.webp\" class=\"attachment-blog-medium size-blog-medium wp-image-7172\" alt=\"\" srcset=\"https:\/\/wseku-karate.org\/wp-content\/uploads\/2023\/05\/6-4-463x348.webp 463w, https:\/\/wseku-karate.org\/wp-content\/uploads\/2023\/05\/6-4-400x300.webp 400w\" sizes=\"(max-width: 463px) 100vw, 463px\" \/>\t\t\t\t\t\t\t\t<\/a>\n\t\t\t\t\t\t\t\t\t\t\t\t\t\t\t<\/div>\n\t\t\t\t<\/div>\n\t\t\t\t<div class=\"elementor-element elementor-element-42857f5 elementor-widget elementor-widget-heading\" data-id=\"42857f5\" data-element_type=\"widget\" data-e-type=\"widget\" data-widget_type=\"heading.default\">\n\t\t\t\t<div class=\"elementor-widget-container\">\n\t\t\t\t\t<h2 class=\"elementor-heading-title elementor-size-default\">2011 Campionatul Na\u0163ional \u015ecolar de Karate<\/h2>\t\t\t\t<\/div>\n\t\t\t\t<\/div>\n\t\t\t\t\t<\/div>\r\n\t\t\t\t<\/div>\r\n\t\t\t\t<div class=\"elementor-column elementor-col-25 elementor-top-column elementor-element elementor-element-92fe72e\" data-id=\"92fe72e\" data-element_type=\"column\" data-e-type=\"column\">\r\n\t\t\t\t\t<div class=\"elementor-widget-wrap elementor-element-populated\">\r\n\t\t\t\t\t\t\t\t<div class=\"elementor-element elementor-element-7e439c8 elementor-widget elementor-widget-image\" data-id=\"7e439c8\" data-element_type=\"widget\" data-e-type=\"widget\" data-widget_type=\"image.default\">\n\t\t\t\t<div class=\"elementor-widget-container\">\n\t\t\t\t\t\t\t\t\t\t\t\t\t\t\t\t<a href=\"https:\/\/wseku-karate.org\/en\/poze\/2011-bihor-open-champions-day\/\">\n\t\t\t\t\t\t\t<img loading=\"lazy\" decoding=\"async\" width=\"463\" height=\"348\" src=\"https:\/\/wseku-karate.org\/wp-content\/uploads\/2023\/05\/7-3-463x348.webp\" class=\"attachment-blog-medium size-blog-medium wp-image-7084\" alt=\"\" srcset=\"https:\/\/wseku-karate.org\/wp-content\/uploads\/2023\/05\/7-3-463x348.webp 463w, https:\/\/wseku-karate.org\/wp-content\/uploads\/2023\/05\/7-3-400x300.webp 400w, https:\/\/wseku-karate.org\/wp-content\/uploads\/2023\/05\/7-3-367x275.webp 367w\" sizes=\"(max-width: 463px) 100vw, 463px\" \/>\t\t\t\t\t\t\t\t<\/a>\n\t\t\t\t\t\t\t\t\t\t\t\t\t\t\t<\/div>\n\t\t\t\t<\/div>\n\t\t\t\t<div class=\"elementor-element elementor-element-7b97248 elementor-widget elementor-widget-heading\" data-id=\"7b97248\" data-element_type=\"widget\" data-e-type=\"widget\" data-widget_type=\"heading.default\">\n\t\t\t\t<div class=\"elementor-widget-container\">\n\t\t\t\t\t<h2 class=\"elementor-heading-title elementor-size-default\">2011 Bihor Open Champions Day<\/h2>\t\t\t\t<\/div>\n\t\t\t\t<\/div>\n\t\t\t\t\t<\/div>\r\n\t\t\t\t<\/div>\r\n\t\t\t\t<div class=\"elementor-column elementor-col-25 elementor-top-column elementor-element elementor-element-bbc73c9\" data-id=\"bbc73c9\" data-element_type=\"column\" data-e-type=\"column\">\r\n\t\t\t\t\t<div class=\"elementor-widget-wrap elementor-element-populated\">\r\n\t\t\t\t\t\t\t\t<div class=\"elementor-element elementor-element-85de1c7 elementor-widget elementor-widget-image\" data-id=\"85de1c7\" data-element_type=\"widget\" data-e-type=\"widget\" data-widget_type=\"image.default\">\n\t\t\t\t<div class=\"elementor-widget-container\">\n\t\t\t\t\t\t\t\t\t\t\t\t\t\t\t\t<a href=\"https:\/\/wseku-karate.org\/en\/poze\/2010-bihor-open-champions-day\/\">\n\t\t\t\t\t\t\t<img loading=\"lazy\" decoding=\"async\" width=\"463\" height=\"348\" src=\"https:\/\/wseku-karate.org\/wp-content\/uploads\/2023\/05\/25-1-463x348.webp\" class=\"attachment-blog-medium size-blog-medium wp-image-7059\" alt=\"\" srcset=\"https:\/\/wseku-karate.org\/wp-content\/uploads\/2023\/05\/25-1-463x348.webp 463w, https:\/\/wseku-karate.org\/wp-content\/uploads\/2023\/05\/25-1-400x300.webp 400w, https:\/\/wseku-karate.org\/wp-content\/uploads\/2023\/05\/25-1-367x275.webp 367w\" sizes=\"(max-width: 463px) 100vw, 463px\" \/>\t\t\t\t\t\t\t\t<\/a>\n\t\t\t\t\t\t\t\t\t\t\t\t\t\t\t<\/div>\n\t\t\t\t<\/div>\n\t\t\t\t<div class=\"elementor-element elementor-element-866b887 elementor-widget elementor-widget-heading\" data-id=\"866b887\" data-element_type=\"widget\" data-e-type=\"widget\" data-widget_type=\"heading.default\">\n\t\t\t\t<div class=\"elementor-widget-container\">\n\t\t\t\t\t<h2 class=\"elementor-heading-title elementor-size-default\">2010 Bihor Open Champions Day<\/h2>\t\t\t\t<\/div>\n\t\t\t\t<\/div>\n\t\t\t\t\t<\/div>\r\n\t\t\t\t<\/div>\r\n\t\t\t\t\t<\/div>\r\n\t\t\t\t<\/section>\r\n\t\t\t\t<section data-particle_enable=\"false\" data-particle-mobile-disabled=\"false\" class=\"elementor-section elementor-top-section elementor-element elementor-element-5daf0d9 elementor-section-boxed elementor-section-height-default elementor-section-height-default\" data-id=\"5daf0d9\" data-element_type=\"section\" data-e-type=\"section\">\r\n\t\t\r\n\t\t\t\t\t\t\t<div class=\"elementor-container elementor-column-gap-default\">\r\n\t\t\t\t\t\t\t\t\t\t\t<div class=\"elementor-column elementor-col-25 elementor-top-column elementor-element elementor-element-bec0833\" data-id=\"bec0833\" data-element_type=\"column\" data-e-type=\"column\">\r\n\t\t\t\t\t<div class=\"elementor-widget-wrap elementor-element-populated\">\r\n\t\t\t\t\t\t\t\t<div class=\"elementor-element elementor-element-7a050ab elementor-widget elementor-widget-image\" data-id=\"7a050ab\" data-element_type=\"widget\" data-e-type=\"widget\" data-widget_type=\"image.default\">\n\t\t\t\t<div class=\"elementor-widget-container\">\n\t\t\t\t\t\t\t\t\t\t\t\t\t\t\t\t<a href=\"https:\/\/wseku-karate.org\/en\/poze\/2009-european-karate-championships-ika-october-17\/\">\n\t\t\t\t\t\t\t<img loading=\"lazy\" decoding=\"async\" width=\"463\" height=\"348\" src=\"https:\/\/wseku-karate.org\/wp-content\/uploads\/2023\/05\/253652_211748748862968_1687317_n_211748748862968-463x348.webp\" class=\"attachment-blog-medium size-blog-medium wp-image-6922\" alt=\"\" srcset=\"https:\/\/wseku-karate.org\/wp-content\/uploads\/2023\/05\/253652_211748748862968_1687317_n_211748748862968-463x348.webp 463w, https:\/\/wseku-karate.org\/wp-content\/uploads\/2023\/05\/253652_211748748862968_1687317_n_211748748862968-400x300.webp 400w, https:\/\/wseku-karate.org\/wp-content\/uploads\/2023\/05\/253652_211748748862968_1687317_n_211748748862968-367x275.webp 367w\" sizes=\"(max-width: 463px) 100vw, 463px\" \/>\t\t\t\t\t\t\t\t<\/a>\n\t\t\t\t\t\t\t\t\t\t\t\t\t\t\t<\/div>\n\t\t\t\t<\/div>\n\t\t\t\t<div class=\"elementor-element elementor-element-29682f9 elementor-widget elementor-widget-heading\" data-id=\"29682f9\" data-element_type=\"widget\" data-e-type=\"widget\" data-widget_type=\"heading.default\">\n\t\t\t\t<div class=\"elementor-widget-container\">\n\t\t\t\t\t<h2 class=\"elementor-heading-title elementor-size-default\">2009 European Karate Championships-IKA-October 17<\/h2>\t\t\t\t<\/div>\n\t\t\t\t<\/div>\n\t\t\t\t\t<\/div>\r\n\t\t\t\t<\/div>\r\n\t\t\t\t<div class=\"elementor-column elementor-col-25 elementor-top-column elementor-element elementor-element-0d80aad\" data-id=\"0d80aad\" data-element_type=\"column\" data-e-type=\"column\">\r\n\t\t\t\t\t<div class=\"elementor-widget-wrap elementor-element-populated\">\r\n\t\t\t\t\t\t\t\t<div class=\"elementor-element elementor-element-33677e1 elementor-widget elementor-widget-image\" data-id=\"33677e1\" data-element_type=\"widget\" data-e-type=\"widget\" data-widget_type=\"image.default\">\n\t\t\t\t<div class=\"elementor-widget-container\">\n\t\t\t\t\t\t\t\t\t\t\t\t\t\t\t\t<a href=\"https:\/\/wseku-karate.org\/en\/poze\/2009-bihor-open-champions-day\/\">\n\t\t\t\t\t\t\t<img loading=\"lazy\" decoding=\"async\" width=\"463\" height=\"348\" src=\"https:\/\/wseku-karate.org\/wp-content\/uploads\/2023\/05\/9-463x348.webp\" class=\"attachment-blog-medium size-blog-medium wp-image-6844\" alt=\"\" srcset=\"https:\/\/wseku-karate.org\/wp-content\/uploads\/2023\/05\/9-463x348.webp 463w, https:\/\/wseku-karate.org\/wp-content\/uploads\/2023\/05\/9-400x300.webp 400w\" sizes=\"(max-width: 463px) 100vw, 463px\" \/>\t\t\t\t\t\t\t\t<\/a>\n\t\t\t\t\t\t\t\t\t\t\t\t\t\t\t<\/div>\n\t\t\t\t<\/div>\n\t\t\t\t<div class=\"elementor-element elementor-element-844e671 elementor-widget elementor-widget-heading\" data-id=\"844e671\" data-element_type=\"widget\" data-e-type=\"widget\" data-widget_type=\"heading.default\">\n\t\t\t\t<div class=\"elementor-widget-container\">\n\t\t\t\t\t<h2 class=\"elementor-heading-title elementor-size-default\">2009 Bihor Open Champions Day<\/h2>\t\t\t\t<\/div>\n\t\t\t\t<\/div>\n\t\t\t\t\t<\/div>\r\n\t\t\t\t<\/div>\r\n\t\t\t\t<div class=\"elementor-column elementor-col-25 elementor-top-column elementor-element elementor-element-79a0056\" data-id=\"79a0056\" data-element_type=\"column\" data-e-type=\"column\">\r\n\t\t\t\t\t<div class=\"elementor-widget-wrap\">\r\n\t\t\t\t\t\t\t\t\t<\/div>\r\n\t\t\t\t<\/div>\r\n\t\t\t\t<div class=\"elementor-column elementor-col-25 elementor-top-column elementor-element elementor-element-13a827e\" data-id=\"13a827e\" data-element_type=\"column\" data-e-type=\"column\">\r\n\t\t\t\t\t<div class=\"elementor-widget-wrap\">\r\n\t\t\t\t\t\t\t\t\t<\/div>\r\n\t\t\t\t<\/div>\r\n\t\t\t\t\t<\/div>\r\n\t\t\t\t<\/section>\r\n\t\t\t\t<\/div>","protected":false},"excerpt":{"rendered":"<p>World Sport Education Karate Union \u00censcriere membri POZE \u00a0\u201cWORLD SPORT EDUCATION KARATE UNION (acronim \u2013 WSEKU)\u201d 2024 35th Bihor Open, 2nd WORLD EUROPEAN REGIONAL CHAMPIONSHIPS Karate-Kobudo-Parakarate 2023 34th Bihor Open 1st World &#038; European Karate Championship 2019 Campionatul Na\u0163ional \u015ecolar de Karate 2019 Bihor Open-Champions Tournament 2018 Campionatul Na\u0163ional \u015ecolar de Karate 2018 Bihor Open-Champions [&hellip;]<\/p>\n","protected":false},"author":1,"featured_media":0,"parent":0,"menu_order":0,"comment_status":"closed","ping_status":"closed","template":"","meta":{"inline_featured_image":false,"footnotes":""},"class_list":["post-3624","page","type-page","status-publish","hentry"],"yoast_head":"<!-- This site is optimized with the Yoast SEO Premium plugin v27.4 (Yoast SEO v27.4) - https:\/\/yoast.com\/product\/yoast-seo-premium-wordpress\/ -->\n<title>Poze - World Sport Education Karate Union WSEKU \u2013 Official Page<\/title>\n<meta name=\"robots\" content=\"index, follow, max-snippet:-1, max-image-preview:large, max-video-preview:-1\" \/>\n<link rel=\"canonical\" href=\"https:\/\/wseku-karate.org\/en\/poze\/\" \/>\n<meta property=\"og:locale\" content=\"en_GB\" \/>\n<meta property=\"og:type\" content=\"article\" \/>\n<meta property=\"og:title\" content=\"Poze\" \/>\n<meta property=\"og:description\" content=\"World Sport Education Karate Union \u00censcriere membri POZE \u00a0\u201cWORLD SPORT EDUCATION KARATE UNION (acronim \u2013 WSEKU)\u201d 2024 35th Bihor Open, 2nd WORLD EUROPEAN REGIONAL CHAMPIONSHIPS Karate-Kobudo-Parakarate 2023 34th Bihor Open 1st World &#038; European Karate Championship 2019 Campionatul Na\u0163ional \u015ecolar de Karate 2019 Bihor Open-Champions Tournament 2018 Campionatul Na\u0163ional \u015ecolar de Karate 2018 Bihor Open-Champions [&hellip;]\" \/>\n<meta property=\"og:url\" content=\"https:\/\/wseku-karate.org\/en\/poze\/\" \/>\n<meta property=\"og:site_name\" content=\"World Sport Education Karate Union WSEKU \u2013 Official Page\" \/>\n<meta property=\"article:modified_time\" content=\"2024-06-12T09:52:58+00:00\" \/>\n<meta property=\"og:image\" content=\"https:\/\/wseku-karate.org\/wp-content\/uploads\/2022\/09\/wseku-japanese.png\" \/>\n<meta name=\"twitter:card\" content=\"summary_large_image\" \/>\n<meta name=\"twitter:label1\" content=\"Estimated reading time\" \/>\n\t<meta name=\"twitter:data1\" content=\"8 minutes\" \/>\n<script type=\"application\/ld+json\" class=\"yoast-schema-graph\">{\"@context\":\"https:\\\/\\\/schema.org\",\"@graph\":[{\"@type\":\"WebPage\",\"@id\":\"https:\\\/\\\/wseku-karate.org\\\/en\\\/poze\\\/\",\"url\":\"https:\\\/\\\/wseku-karate.org\\\/en\\\/poze\\\/\",\"name\":\"Poze - World Sport Education Karate Union WSEKU \u2013 Official Page\",\"isPartOf\":{\"@id\":\"https:\\\/\\\/wseku-karate.org\\\/#website\"},\"primaryImageOfPage\":{\"@id\":\"https:\\\/\\\/wseku-karate.org\\\/en\\\/poze\\\/#primaryimage\"},\"image\":{\"@id\":\"https:\\\/\\\/wseku-karate.org\\\/en\\\/poze\\\/#primaryimage\"},\"thumbnailUrl\":\"https:\\\/\\\/wseku-karate.org\\\/wp-content\\\/uploads\\\/2022\\\/09\\\/wseku-japanese.png\",\"datePublished\":\"2022-09-07T04:15:56+00:00\",\"dateModified\":\"2024-06-12T09:52:58+00:00\",\"breadcrumb\":{\"@id\":\"https:\\\/\\\/wseku-karate.org\\\/en\\\/poze\\\/#breadcrumb\"},\"inLanguage\":\"en-GB\",\"potentialAction\":[{\"@type\":\"ReadAction\",\"target\":[\"https:\\\/\\\/wseku-karate.org\\\/en\\\/poze\\\/\"]}]},{\"@type\":\"ImageObject\",\"inLanguage\":\"en-GB\",\"@id\":\"https:\\\/\\\/wseku-karate.org\\\/en\\\/poze\\\/#primaryimage\",\"url\":\"https:\\\/\\\/wseku-karate.org\\\/wp-content\\\/uploads\\\/2022\\\/09\\\/wseku-japanese.png\",\"contentUrl\":\"https:\\\/\\\/wseku-karate.org\\\/wp-content\\\/uploads\\\/2022\\\/09\\\/wseku-japanese.png\"},{\"@type\":\"BreadcrumbList\",\"@id\":\"https:\\\/\\\/wseku-karate.org\\\/en\\\/poze\\\/#breadcrumb\",\"itemListElement\":[{\"@type\":\"ListItem\",\"position\":1,\"name\":\"Prima pagin\u0103\",\"item\":\"https:\\\/\\\/wseku-karate.org\\\/\"},{\"@type\":\"ListItem\",\"position\":2,\"name\":\"Poze\"}]},{\"@type\":\"WebSite\",\"@id\":\"https:\\\/\\\/wseku-karate.org\\\/#website\",\"url\":\"https:\\\/\\\/wseku-karate.org\\\/\",\"name\":\"World Sport Education Karate Union WSEKU \u2013 Official Page\",\"description\":\"\",\"potentialAction\":[{\"@type\":\"SearchAction\",\"target\":{\"@type\":\"EntryPoint\",\"urlTemplate\":\"https:\\\/\\\/wseku-karate.org\\\/?s={search_term_string}\"},\"query-input\":{\"@type\":\"PropertyValueSpecification\",\"valueRequired\":true,\"valueName\":\"search_term_string\"}}],\"inLanguage\":\"en-GB\"}]}<\/script>\n<!-- \/ Yoast SEO Premium plugin. -->","yoast_head_json":{"title":"Poze - World Sport Education Karate Union WSEKU \u2013 Official Page","robots":{"index":"index","follow":"follow","max-snippet":"max-snippet:-1","max-image-preview":"max-image-preview:large","max-video-preview":"max-video-preview:-1"},"canonical":"https:\/\/wseku-karate.org\/en\/poze\/","og_locale":"en_GB","og_type":"article","og_title":"Poze","og_description":"World Sport Education Karate Union \u00censcriere membri POZE \u00a0\u201cWORLD SPORT EDUCATION KARATE UNION (acronim \u2013 WSEKU)\u201d 2024 35th Bihor Open, 2nd WORLD EUROPEAN REGIONAL CHAMPIONSHIPS Karate-Kobudo-Parakarate 2023 34th Bihor Open 1st World &#038; European Karate Championship 2019 Campionatul Na\u0163ional \u015ecolar de Karate 2019 Bihor Open-Champions Tournament 2018 Campionatul Na\u0163ional \u015ecolar de Karate 2018 Bihor Open-Champions [&hellip;]","og_url":"https:\/\/wseku-karate.org\/en\/poze\/","og_site_name":"World Sport Education Karate Union WSEKU \u2013 Official Page","article_modified_time":"2024-06-12T09:52:58+00:00","og_image":[{"url":"https:\/\/wseku-karate.org\/wp-content\/uploads\/2022\/09\/wseku-japanese.png","type":"","width":"","height":""}],"twitter_card":"summary_large_image","twitter_misc":{"Estimated reading time":"8 minutes"},"schema":{"@context":"https:\/\/schema.org","@graph":[{"@type":"WebPage","@id":"https:\/\/wseku-karate.org\/en\/poze\/","url":"https:\/\/wseku-karate.org\/en\/poze\/","name":"Poze - World Sport Education Karate Union WSEKU \u2013 Official Page","isPartOf":{"@id":"https:\/\/wseku-karate.org\/#website"},"primaryImageOfPage":{"@id":"https:\/\/wseku-karate.org\/en\/poze\/#primaryimage"},"image":{"@id":"https:\/\/wseku-karate.org\/en\/poze\/#primaryimage"},"thumbnailUrl":"https:\/\/wseku-karate.org\/wp-content\/uploads\/2022\/09\/wseku-japanese.png","datePublished":"2022-09-07T04:15:56+00:00","dateModified":"2024-06-12T09:52:58+00:00","breadcrumb":{"@id":"https:\/\/wseku-karate.org\/en\/poze\/#breadcrumb"},"inLanguage":"en-GB","potentialAction":[{"@type":"ReadAction","target":["https:\/\/wseku-karate.org\/en\/poze\/"]}]},{"@type":"ImageObject","inLanguage":"en-GB","@id":"https:\/\/wseku-karate.org\/en\/poze\/#primaryimage","url":"https:\/\/wseku-karate.org\/wp-content\/uploads\/2022\/09\/wseku-japanese.png","contentUrl":"https:\/\/wseku-karate.org\/wp-content\/uploads\/2022\/09\/wseku-japanese.png"},{"@type":"BreadcrumbList","@id":"https:\/\/wseku-karate.org\/en\/poze\/#breadcrumb","itemListElement":[{"@type":"ListItem","position":1,"name":"Prima pagin\u0103","item":"https:\/\/wseku-karate.org\/"},{"@type":"ListItem","position":2,"name":"Poze"}]},{"@type":"WebSite","@id":"https:\/\/wseku-karate.org\/#website","url":"https:\/\/wseku-karate.org\/","name":"World Sport Education Karate Union WSEKU \u2013 Official Page","description":"","potentialAction":[{"@type":"SearchAction","target":{"@type":"EntryPoint","urlTemplate":"https:\/\/wseku-karate.org\/?s={search_term_string}"},"query-input":{"@type":"PropertyValueSpecification","valueRequired":true,"valueName":"search_term_string"}}],"inLanguage":"en-GB"}]}},"_links":{"self":[{"href":"https:\/\/wseku-karate.org\/en\/wp-json\/wp\/v2\/pages\/3624","targetHints":{"allow":["GET"]}}],"collection":[{"href":"https:\/\/wseku-karate.org\/en\/wp-json\/wp\/v2\/pages"}],"about":[{"href":"https:\/\/wseku-karate.org\/en\/wp-json\/wp\/v2\/types\/page"}],"author":[{"embeddable":true,"href":"https:\/\/wseku-karate.org\/en\/wp-json\/wp\/v2\/users\/1"}],"replies":[{"embeddable":true,"href":"https:\/\/wseku-karate.org\/en\/wp-json\/wp\/v2\/comments?post=3624"}],"version-history":[{"count":202,"href":"https:\/\/wseku-karate.org\/en\/wp-json\/wp\/v2\/pages\/3624\/revisions"}],"predecessor-version":[{"id":9882,"href":"https:\/\/wseku-karate.org\/en\/wp-json\/wp\/v2\/pages\/3624\/revisions\/9882"}],"wp:attachment":[{"href":"https:\/\/wseku-karate.org\/en\/wp-json\/wp\/v2\/media?parent=3624"}],"curies":[{"name":"wp","href":"https:\/\/api.w.org\/{rel}","templated":true}]}}